{"version":"1.0","provider_name":"M\u00e9t\u00e9orologie Nationale du Cameroun","provider_url":"https:\/\/meteocameroon.gov.cm\/en","author_name":"ANDRE DJOUBDOUNA","author_url":"https:\/\/meteocameroon.gov.cm\/en\/author\/djoubdouna\/","title":"Bulletin Climatique D\u00e9cadaire No 007 - M\u00e9t\u00e9orologie Nationale du Cameroun","type":"rich","width":600,"height":338,"html":"<blockquote class=\"wp-embedded-content\" data-secret=\"QT2tREGHD7\"><a href=\"https:\/\/meteocameroon.gov.cm\/en\/download\/bulletin-climatique-decadaire\/\">10_DAY_CLIMATE_BULLETIN_N\u00b007<\/a><\/blockquote><iframe sandbox=\"allow-scripts\" security=\"restricted\" src=\"https:\/\/meteocameroon.gov.cm\/en\/download\/bulletin-climatique-decadaire\/embed\/#?secret=QT2tREGHD7\" width=\"600\" height=\"338\" title=\"&#8220;Bulletin Climatique D\u00e9cadaire No 007&#8221; &#8212; M\u00e9t\u00e9orologie Nationale du Cameroun\" data-secret=\"QT2tREGHD7\" frameborder=\"0\" marginwidth=\"0\" marginheight=\"0\" scrolling=\"no\" class=\"wp-embedded-content\"><\/iframe><script type=\"text\/javascript\">\n\/* <![CDATA[ *\/\n\/*! This file is auto-generated *\/\n!function(d,l){\"use strict\";l.querySelector&&d.addEventListener&&\"undefined\"!=typeof URL&&(d.wp=d.wp||{},d.wp.receiveEmbedMessage||(d.wp.receiveEmbedMessage=function(e){var t=e.data;if((t||t.secret||t.message||t.value)&&!\/[^a-zA-Z0-9]\/.test(t.secret)){for(var s,r,n,a=l.querySelectorAll('iframe[data-secret=\"'+t.secret+'\"]'),o=l.querySelectorAll('blockquote[data-secret=\"'+t.secret+'\"]'),c=new RegExp(\"^https?:$\",\"i\"),i=0;i<o.length;i++)o[i].style.display=\"none\";for(i=0;i<a.length;i++)s=a[i],e.source===s.contentWindow&&(s.removeAttribute(\"style\"),\"height\"===t.message?(1e3<(r=parseInt(t.value,10))?r=1e3:~~r<200&&(r=200),s.height=r):\"link\"===t.message&&(r=new URL(s.getAttribute(\"src\")),n=new URL(t.value),c.test(n.protocol))&&n.host===r.host&&l.activeElement===s&&(d.top.location.href=t.value))}},d.addEventListener(\"message\",d.wp.receiveEmbedMessage,!1),l.addEventListener(\"DOMContentLoaded\",function(){for(var e,t,s=l.querySelectorAll(\"iframe.wp-embedded-content\"),r=0;r<s.length;r++)(t=(e=s[r]).getAttribute(\"data-secret\"))||(t=Math.random().toString(36).substring(2,12),e.src+=\"#?secret=\"+t,e.setAttribute(\"data-secret\",t)),e.contentWindow.postMessage({message:\"ready\",secret:t},\"*\")},!1)))}(window,document);\n\/\/# sourceURL=https:\/\/meteocameroon.gov.cm\/wp-includes\/js\/wp-embed.min.js\n\/* ]]> *\/\n<\/script>","description":"Au cours de la premi\u00e8re d\u00e9cade du mois de Mars, des pluies mod\u00e9r\u00e9es \u00e0 fortes sont tr\u00e8s probables dans la r\u00e9gion du Sud-ouest et dans une partie des r\u00e9gions du Nord-ouest, de l\u2019Ouest, du Littoral et du Sud. Aussi, des pluies faibles \u00e0 mod\u00e9r\u00e9es pourront arroser une partie des r\u00e9gions du Nord-ouest, de l\u2019Ouest, du Littoral, du Centre, du Sud et de l\u2019Est avec des cumuls qui pourront \u00eatre compris entre 10 et 30mm.Le d\u00e9marrage effectif de la saison pluvieuse pourrait \u00eatre \u00e0 dominance tardif dans la majeure partie des localit\u00e9s m\u00e9ridionales du pays. N\u00e9anmoins, on pourra s\u2019attendre \u00e0 un d\u00e9marrage moyen \u00e0 tardif dans les r\u00e9gions du centres, de l\u2019ouest et de l\u2019Est notamment dans les localit\u00e9s de Yaound\u00e9, Bafoussam et Bertoua. Aussi certaines localit\u00e9s de la r\u00e9gion du Sud sont susceptibles de recevoir des pluies pr\u00e9coces notamment \u00e0 Ambam. La premi\u00e8re et deuxi\u00e8me semaines du mois de mars 2023 seront marqu\u00e9es par des pluies g\u00e9n\u00e9ralis\u00e9es dans les r\u00e9gions m\u00e9ridionales qui pourront atteindre la r\u00e9gion du Nord \u00e0 la troisi\u00e8me semaine. Une situation qui sera suivie par la s\u00e9quence s\u00e8che \u00e0 partir de la quatri\u00e8me semaine de mars. Pour le les d\u00e9tails, veuillez consulter l\u2019enti\u00e8ret\u00e9 du bulletin climatique d\u00e9cadaire N\u00b007"}