{"version":"1.0","provider_name":"M\u00e9t\u00e9orologie Nationale du Cameroun","provider_url":"https:\/\/meteocameroon.gov.cm\/en","author_name":"ANDRE DJOUBDOUNA","author_url":"https:\/\/meteocameroon.gov.cm\/en\/author\/djoubdouna\/","title":"Bulletin Climatique D\u00e9cadaire No 11 -","type":"rich","width":600,"height":338,"html":"<blockquote class=\"wp-embedded-content\" data-secret=\"SoNjmNVDvt\"><a href=\"https:\/\/meteocameroon.gov.cm\/en\/download\/bulletin-decadaire-no11\/\">Bulletin Climatique D\u00e9cadaire No 11<\/a><\/blockquote><iframe sandbox=\"allow-scripts\" security=\"restricted\" src=\"https:\/\/meteocameroon.gov.cm\/en\/download\/bulletin-decadaire-no11\/embed\/#?secret=SoNjmNVDvt\" width=\"600\" height=\"338\" title=\"&#8220;Bulletin Climatique D\u00e9cadaire No 11&#8221; &#8212; M\u00e9t\u00e9orologie Nationale du Cameroun\" data-secret=\"SoNjmNVDvt\" frameborder=\"0\" marginwidth=\"0\" marginheight=\"0\" scrolling=\"no\" class=\"wp-embedded-content\"><\/iframe><script type=\"text\/javascript\">\n\/* <![CDATA[ *\/\n\/*! This file is auto-generated *\/\n!function(d,l){\"use strict\";l.querySelector&&d.addEventListener&&\"undefined\"!=typeof URL&&(d.wp=d.wp||{},d.wp.receiveEmbedMessage||(d.wp.receiveEmbedMessage=function(e){var t=e.data;if((t||t.secret||t.message||t.value)&&!\/[^a-zA-Z0-9]\/.test(t.secret)){for(var s,r,n,a=l.querySelectorAll('iframe[data-secret=\"'+t.secret+'\"]'),o=l.querySelectorAll('blockquote[data-secret=\"'+t.secret+'\"]'),c=new RegExp(\"^https?:$\",\"i\"),i=0;i<o.length;i++)o[i].style.display=\"none\";for(i=0;i<a.length;i++)s=a[i],e.source===s.contentWindow&&(s.removeAttribute(\"style\"),\"height\"===t.message?(1e3<(r=parseInt(t.value,10))?r=1e3:~~r<200&&(r=200),s.height=r):\"link\"===t.message&&(r=new URL(s.getAttribute(\"src\")),n=new URL(t.value),c.test(n.protocol))&&n.host===r.host&&l.activeElement===s&&(d.top.location.href=t.value))}},d.addEventListener(\"message\",d.wp.receiveEmbedMessage,!1),l.addEventListener(\"DOMContentLoaded\",function(){for(var e,t,s=l.querySelectorAll(\"iframe.wp-embedded-content\"),r=0;r<s.length;r++)(t=(e=s[r]).getAttribute(\"data-secret\"))||(t=Math.random().toString(36).substring(2,12),e.src+=\"#?secret=\"+t,e.setAttribute(\"data-secret\",t)),e.contentWindow.postMessage({message:\"ready\",secret:t},\"*\")},!1)))}(window,document);\n\/\/# sourceURL=https:\/\/meteocameroon.gov.cm\/wp-includes\/js\/wp-embed.min.js\n\/* ]]> *\/\n<\/script>","description":"Au cours de la deuxi\u00e8me d\u00e9cade du mois d\u2019Avril, des cumuls de pluies \u00e9lev\u00e9s sont tr\u00e8s probables le long de la c\u00f4te, au Nord Ouest, la partie ouest de la r\u00e9gion de l\u2019Adamaoua, la partie sud-ouest de la r\u00e9gion du Centre et la partie sud de la r\u00e9gion de l\u2019Est, notamment dans les localit\u00e9s de Kribi, Douala, Mundemba, Yokadouma, Bamenda, Eseka, Banyo, Tibati et Moloundou. Une partie des r\u00e9gions de l\u2019Est, du Sud, du Centre, du Littoral de l\u2019Ouest et le une partie de l\u2019Adamaoua sont susceptibles de recevoir des cumuls de pluies mod\u00e9r\u00e9sUn d\u00e9but effectif des pluies est observ\u00e9 dans la majeure partie de la r\u00e9gion m\u00e9ridionale avec une pr\u00e9dominance normale \u00e0 pr\u00e9coce dans le Grand Ouest, normale \u00e0 tardive dans le Sud et une partie sud de la r\u00e9gion de l\u2019Est et le sud de l\u2019Adamaoua. Cependant les cat\u00e9gories pr\u00e9vues dans les r\u00e9gions du Nord et le nord de l\u2019Adamaoua pourront \u00eatre \u00e0 pr\u00e9dominance normale \u00e0 tardive.Face aux fortes pluies avec vents forts susceptibles d\u2019\u00eatre enregistr\u00e9es dans les r\u00e9gions C\u00f4ti\u00e8res, Grand Ouest, une partie du Centre de l\u2019Est et ouest de l\u2019Adamaoua. Les populations de ces r\u00e9gions doivent \u00eatre vigilantes aux \u00e9ventuelles catastrophes (Inondation, glissement de terrain, crue subite etc\u2026). Sur le plan de la sant\u00e9 l\u2019\u00e9mergence des cas de Chol\u00e9ra et m\u00e9ningite sont probables dans les r\u00e9gions \u00e0 zones inondable des r\u00e9gions c\u00f4ti\u00e8res, au Nord et \u00e0 l\u2019Extr\u00eame-Nord respectivement."}