{"version":"1.0","provider_name":"M\u00e9t\u00e9orologie Nationale du Cameroun","provider_url":"https:\/\/meteocameroon.gov.cm\/en","author_name":"ANDRE DJOUBDOUNA","author_url":"https:\/\/meteocameroon.gov.cm\/en\/author\/djoubdouna\/","title":"Bulletin des pr\u00e9visions m\u00e9t\u00e9orologiques No100 - M\u00e9t\u00e9orologie Nationale du Cameroun","type":"rich","width":600,"height":338,"html":"<blockquote class=\"wp-embedded-content\" data-secret=\"urkN6wyNT0\"><a href=\"https:\/\/meteocameroon.gov.cm\/en\/download\/bulletin-des-previsions-meteorologiques\/\">Bulletin des pr\u00e9visions m\u00e9t\u00e9orologiques No100<\/a><\/blockquote><iframe sandbox=\"allow-scripts\" security=\"restricted\" src=\"https:\/\/meteocameroon.gov.cm\/en\/download\/bulletin-des-previsions-meteorologiques\/embed\/#?secret=urkN6wyNT0\" width=\"600\" height=\"338\" title=\"&#8220;Bulletin des pr\u00e9visions m\u00e9t\u00e9orologiques No100&#8221; &#8212; M\u00e9t\u00e9orologie Nationale du Cameroun\" data-secret=\"urkN6wyNT0\" frameborder=\"0\" marginwidth=\"0\" marginheight=\"0\" scrolling=\"no\" class=\"wp-embedded-content\"><\/iframe><script type=\"text\/javascript\">\n\/* <![CDATA[ *\/\n\/*! This file is auto-generated *\/\n!function(d,l){\"use strict\";l.querySelector&&d.addEventListener&&\"undefined\"!=typeof URL&&(d.wp=d.wp||{},d.wp.receiveEmbedMessage||(d.wp.receiveEmbedMessage=function(e){var t=e.data;if((t||t.secret||t.message||t.value)&&!\/[^a-zA-Z0-9]\/.test(t.secret)){for(var s,r,n,a=l.querySelectorAll('iframe[data-secret=\"'+t.secret+'\"]'),o=l.querySelectorAll('blockquote[data-secret=\"'+t.secret+'\"]'),c=new RegExp(\"^https?:$\",\"i\"),i=0;i<o.length;i++)o[i].style.display=\"none\";for(i=0;i<a.length;i++)s=a[i],e.source===s.contentWindow&&(s.removeAttribute(\"style\"),\"height\"===t.message?(1e3<(r=parseInt(t.value,10))?r=1e3:~~r<200&&(r=200),s.height=r):\"link\"===t.message&&(r=new URL(s.getAttribute(\"src\")),n=new URL(t.value),c.test(n.protocol))&&n.host===r.host&&l.activeElement===s&&(d.top.location.href=t.value))}},d.addEventListener(\"message\",d.wp.receiveEmbedMessage,!1),l.addEventListener(\"DOMContentLoaded\",function(){for(var e,t,s=l.querySelectorAll(\"iframe.wp-embedded-content\"),r=0;r<s.length;r++)(t=(e=s[r]).getAttribute(\"data-secret\"))||(t=Math.random().toString(36).substring(2,12),e.src+=\"#?secret=\"+t,e.setAttribute(\"data-secret\",t)),e.contentWindow.postMessage({message:\"ready\",secret:t},\"*\")},!1)))}(window,document);\n\/\/# sourceURL=https:\/\/meteocameroon.gov.cm\/wp-includes\/js\/wp-embed.min.js\n\/* ]]> *\/\n<\/script>","description":"Un \u00e9norme panache de poussi\u00e8re saharienne transport\u00e9 par l\u2019Harmattan en provenance du Centre du Tchad a franchi le territoire via le d\u00e9partement du Logone et Chari (Extr\u00eame-Nord) et poursuivra son d\u00e9placement vers les r\u00e9gions du Nord et de l\u2019Adamaoua. Ce ph\u00e9nom\u00e8ne associ\u00e9 \u00e0 des vents mod\u00e9r\u00e9s, r\u00e9duira consid\u00e9rablement la visibilit\u00e9 et exposera les personnes aux maladies et autres pathologies respiratoires. Il est conseill\u00e9 \u00e0 la population de limiter les sorties, sinon d\u2019arborer un masque facial, des lunettes de protection, et de suivre r\u00e9guli\u00e8rement les mises \u00e0 jour du bulletin des pr\u00e9visions m\u00e9t\u00e9orologiques."}