{"version":"1.0","provider_name":"M\u00e9t\u00e9orologie Nationale du Cameroun","provider_url":"https:\/\/meteocameroon.gov.cm\/en","author_name":"Ramses Landry BELL EPIPE","author_url":"https:\/\/meteocameroon.gov.cm\/en\/author\/ramses\/","title":"JOURN\u00c9E M\u00c9T\u00c9OROLOGIQUE MONDIALE 2024 - M\u00e9t\u00e9orologie Nationale du Cameroun","type":"rich","width":600,"height":338,"html":"<blockquote class=\"wp-embedded-content\" data-secret=\"BfcD4Pvi3m\"><a href=\"https:\/\/meteocameroon.gov.cm\/en\/journee-meteorologique-mondiale-2024\/\">JOURN\u00c9E M\u00c9T\u00c9OROLOGIQUE MONDIALE 2024<\/a><\/blockquote><iframe sandbox=\"allow-scripts\" security=\"restricted\" src=\"https:\/\/meteocameroon.gov.cm\/en\/journee-meteorologique-mondiale-2024\/embed\/#?secret=BfcD4Pvi3m\" width=\"600\" height=\"338\" title=\"&#8220;JOURN\u00c9E M\u00c9T\u00c9OROLOGIQUE MONDIALE 2024&#8221; &#8212; M\u00e9t\u00e9orologie Nationale du Cameroun\" data-secret=\"BfcD4Pvi3m\" frameborder=\"0\" marginwidth=\"0\" marginheight=\"0\" scrolling=\"no\" class=\"wp-embedded-content\"><\/iframe><script type=\"text\/javascript\">\n\/* <![CDATA[ *\/\n\/*! This file is auto-generated *\/\n!function(d,l){\"use strict\";l.querySelector&&d.addEventListener&&\"undefined\"!=typeof URL&&(d.wp=d.wp||{},d.wp.receiveEmbedMessage||(d.wp.receiveEmbedMessage=function(e){var t=e.data;if((t||t.secret||t.message||t.value)&&!\/[^a-zA-Z0-9]\/.test(t.secret)){for(var s,r,n,a=l.querySelectorAll('iframe[data-secret=\"'+t.secret+'\"]'),o=l.querySelectorAll('blockquote[data-secret=\"'+t.secret+'\"]'),c=new RegExp(\"^https?:$\",\"i\"),i=0;i<o.length;i++)o[i].style.display=\"none\";for(i=0;i<a.length;i++)s=a[i],e.source===s.contentWindow&&(s.removeAttribute(\"style\"),\"height\"===t.message?(1e3<(r=parseInt(t.value,10))?r=1e3:~~r<200&&(r=200),s.height=r):\"link\"===t.message&&(r=new URL(s.getAttribute(\"src\")),n=new URL(t.value),c.test(n.protocol))&&n.host===r.host&&l.activeElement===s&&(d.top.location.href=t.value))}},d.addEventListener(\"message\",d.wp.receiveEmbedMessage,!1),l.addEventListener(\"DOMContentLoaded\",function(){for(var e,t,s=l.querySelectorAll(\"iframe.wp-embedded-content\"),r=0;r<s.length;r++)(t=(e=s[r]).getAttribute(\"data-secret\"))||(t=Math.random().toString(36).substring(2,12),e.src+=\"#?secret=\"+t,e.setAttribute(\"data-secret\",t)),e.contentWindow.postMessage({message:\"ready\",secret:t},\"*\")},!1)))}(window,document);\n\/\/# sourceURL=https:\/\/meteocameroon.gov.cm\/wp-includes\/js\/wp-embed.min.js\n\/* ]]> *\/\n<\/script>","thumbnail_url":"https:\/\/meteocameroon.gov.cm\/wp-content\/uploads\/2024\/03\/jmm-theme-fr.png","thumbnail_width":1240,"thumbnail_height":1748,"description":"JOURN\u00c9E M\u00c9T\u00c9OROLOGIQUE MONDIALE 2024 Le Cameroun c\u00e9l\u00e8brera ce 23 mars 2024, de concert avec les Etats membres de l\u2019Organisation M\u00e9t\u00e9orologique Mondiale (OMM), la 64\u00e8me \u00e9dition de la Journ\u00e9e M\u00e9t\u00e9orologique Mondiale, sous le th\u00e8me \u00ab En premi\u00e8re ligne de l'action climatique \u00bb.Cette ann\u00e9e, l\u2019OMM saisit l\u2019occasion pour mettre en exergue son r\u00f4le en premi\u00e8re ligne de l\u2019action climatique car c\u2019est l\u2019un des organismes chefs de file du syst\u00e8me des Nations Unies dans ce domaine : elle met \u00e0 disposition des donn\u00e9es et des connaissances faisant autorit\u00e9 sur le temps, le climat et l\u2019eau, elle contribue aux mesures d\u2019adaptation via des initiatives telles que l\u2019Initiative \u00ab Alertes pr\u00e9coces pour tous \u00bb et elle participe aux efforts d\u2019att\u00e9nuation par le biais de dispositifs tels que la Veille mondiale des gaz \u00e0 effet de serre. Le th\u00e8me retenu cette ann\u00e9e vient \u00e9galement souligner la contribution capitale qu'apportent les Services m\u00e9t\u00e9orologiques et hydrologiques nationaux \u00e0 la s\u00e9curit\u00e9 et au bien-\u00eatre de la soci\u00e9t\u00e9."}