{"version":"1.0","provider_name":"M\u00e9t\u00e9orologie Nationale du Cameroun","provider_url":"https:\/\/meteocameroon.gov.cm\/en","author_name":"Ramses Landry BELL EPIPE","author_url":"https:\/\/meteocameroon.gov.cm\/en\/author\/ramses\/","title":"Visite du Dr Paul Bugeac au Cameroun - M\u00e9t\u00e9orologie Nationale du Cameroun","type":"rich","width":600,"height":338,"html":"<blockquote class=\"wp-embedded-content\" data-secret=\"d8u18xOpYH\"><a href=\"https:\/\/meteocameroon.gov.cm\/en\/visite-du-dr-paul-bugeac-au-cameroun\/\">Visite du Dr Paul Bugeac au Cameroun<\/a><\/blockquote><iframe sandbox=\"allow-scripts\" security=\"restricted\" src=\"https:\/\/meteocameroon.gov.cm\/en\/visite-du-dr-paul-bugeac-au-cameroun\/embed\/#?secret=d8u18xOpYH\" width=\"600\" height=\"338\" title=\"&#8220;Visite du Dr Paul Bugeac au Cameroun&#8221; &#8212; M\u00e9t\u00e9orologie Nationale du Cameroun\" data-secret=\"d8u18xOpYH\" frameborder=\"0\" marginwidth=\"0\" marginheight=\"0\" scrolling=\"no\" class=\"wp-embedded-content\"><\/iframe><script type=\"text\/javascript\">\n\/* <![CDATA[ *\/\n\/*! This file is auto-generated *\/\n!function(d,l){\"use strict\";l.querySelector&&d.addEventListener&&\"undefined\"!=typeof URL&&(d.wp=d.wp||{},d.wp.receiveEmbedMessage||(d.wp.receiveEmbedMessage=function(e){var t=e.data;if((t||t.secret||t.message||t.value)&&!\/[^a-zA-Z0-9]\/.test(t.secret)){for(var s,r,n,a=l.querySelectorAll('iframe[data-secret=\"'+t.secret+'\"]'),o=l.querySelectorAll('blockquote[data-secret=\"'+t.secret+'\"]'),c=new RegExp(\"^https?:$\",\"i\"),i=0;i<o.length;i++)o[i].style.display=\"none\";for(i=0;i<a.length;i++)s=a[i],e.source===s.contentWindow&&(s.removeAttribute(\"style\"),\"height\"===t.message?(1e3<(r=parseInt(t.value,10))?r=1e3:~~r<200&&(r=200),s.height=r):\"link\"===t.message&&(r=new URL(s.getAttribute(\"src\")),n=new URL(t.value),c.test(n.protocol))&&n.host===r.host&&l.activeElement===s&&(d.top.location.href=t.value))}},d.addEventListener(\"message\",d.wp.receiveEmbedMessage,!1),l.addEventListener(\"DOMContentLoaded\",function(){for(var e,t,s=l.querySelectorAll(\"iframe.wp-embedded-content\"),r=0;r<s.length;r++)(t=(e=s[r]).getAttribute(\"data-secret\"))||(t=Math.random().toString(36).substring(2,12),e.src+=\"#?secret=\"+t,e.setAttribute(\"data-secret\",t)),e.contentWindow.postMessage({message:\"ready\",secret:t},\"*\")},!1)))}(window,document);\n\/\/# sourceURL=https:\/\/meteocameroon.gov.cm\/wp-includes\/js\/wp-embed.min.js\n\/* ]]> *\/\n<\/script>","thumbnail_url":"https:\/\/meteocameroon.gov.cm\/wp-content\/uploads\/2024\/05\/avant.jpeg","thumbnail_width":1040,"thumbnail_height":780,"description":"L\u2019objectif de cette visite qui constitue la prochaine \u00e9tape dans le cadre du processus de d\u00e9signation des composantes propos\u00e9es d'un nouveau RTC au Cameroun, est de mener des consultations au niveau de l\u2019Ecole Nationale Sup\u00e9rieure Polytechnique de Yaound\u00e9 et l\u2019Ecole de Formation de l\u2019Autorit\u00e9 A\u00e9ronautique. Il a eu une r\u00e9union de briefing avec les diff\u00e9rentes parties prenantes (ENSPY, l\u2019EFO CCAA, le CRECC et le MINT) sur les objectifs de la visite.Il est important de rappeler qu'au cours de sa pr\u00e9c\u00e9dente visite, dans la p\u00e9riode allant du 13 au 15 mars 2023, Dr Bugeac avait men\u00e9 au Cameroun, des consultations au niveau de la Direction de la M\u00e9t\u00e9orologie Nationale et des Ecoles Nationales Sup\u00e9rieures Polytechniques offrant les formations en m\u00e9t\u00e9orologie, sur les besoins de d\u00e9veloppement sp\u00e9cifiques qui pourraient conduire \u00e0 des programmes d'\u00e9ducation et de formation durables sur la base d'une collaboration non seulement avec l'OMM mais aussi avec d'autres \u00e9tablissements d'enseignement et de formation de la r\u00e9gion.Sont joints \u00e0 ce texte, quelques images des activit\u00e9s qu'il a eu a men\u00e9."}