{"id":1237,"date":"2022-04-12T16:32:20","date_gmt":"2022-04-12T14:32:20","guid":{"rendered":"https:\/\/meteocameroon.gov.cm\/?page_id=1237"},"modified":"2022-07-04T08:20:27","modified_gmt":"2022-07-04T06:20:27","slug":"services-de-la-dirmet","status":"publish","type":"page","link":"https:\/\/meteocameroon.gov.cm\/en\/services-de-la-dirmet\/","title":{"rendered":"NMD Services"},"content":{"rendered":"<div class=\"vc_row wpb_row vc_row-fluid sigma-bg-color-transparent sigma-background-position-left-top sigma-title-color-default\"><div class=\"wpb_column vc_column_container vc_col-sm-12 sigma-bg-color-transparent sigma-background-position-left-top sigma-title-color-default\"><div class=\"vc_column-inner\"><div class=\"wpb_wrapper\">\r\n\t\t<div  class=\"sigma_custom_heading_wrapper sigma-custom-heading-1376242231 sigma-shortcode-wrapper custom-heading-style-6 text-center  vc_custom_1649774830172\">\r\r\n\t\t\t<div class=\"section-title sigma-custom-heading-wrapper\">\r\n\t\t\t<div class=\"sigma-heading-subtitle-wrapper\">\r\n\t\t\t<p class=\"heading-subtitle\">\r\n      <span><\/span>\r\n\t\t\t\tLes services de          <span><\/span>\r\n  \t\t\t<\/p>\r\n\t\t<\/div>\r\n\t\t\t\t<div class=\"sigma-heading-title-wrapper\">\r\n\t\t\t<h3 class=\"heading-title text-uppercase\">\r\n\t\t\t\tThe Office\t\t\t<\/h3>\r\n\t\t<\/div>\r\n\t\t<\/div>\r\n\r\n\t\t<\/div>\r\r\n\t\t<\/div><\/div><\/div><div class=\"wpb_column vc_column_container vc_col-sm-12 sigma-bg-color-transparent sigma-background-position-left-top sigma-title-color-default\"><div class=\"vc_column-inner\"><div class=\"wpb_wrapper\">\n\t<div class=\"wpb_text_column wpb_content_element  vc_custom_1656915564144\" >\n\t\t<div class=\"wpb_wrapper\">\n\t\t\t<div class=\"wp-block-group alignfull ext-my-0 ext\">\n<div class=\"wp-block-media-text alignwide is-stacked-on-mobile ext-py-lg ext\">\n<div class=\"wp-block-media-text__content is-layout-flow wp-block-cover-is-layout-flow\">\n<h2 class=\"wp-block-heading\"><img loading=\"lazy\" decoding=\"async\" class=\"size-medium wp-image-2059 aligncenter\" src=\"https:\/\/meteocameroon.gov.cm\/wp-content\/uploads\/2022\/07\/Capture1-300x265.png\" alt=\"\" width=\"300\" height=\"265\" \/><\/h2>\n<h2>Sub-Department of Meteorological Applications<\/h2>\n<p>Plac\u00e9 sous l\u2019autorit\u00e9 d\u2019un Sous-Directeur, la Sous-Direction des Applications M\u00e9t\u00e9orologiques est charg\u00e9e de l\u2019\u00e9laboration, du traitement et de l\u2019archivage des informations m\u00e9t\u00e9orologiques, de l\u2019\u00e9laboration et de la diffusion des bulletins et statistiques m\u00e9t\u00e9orologiques, du contr\u00f4le de la pollution atmosph\u00e9rique de fond, de l\u2019assistance m\u00e9t\u00e9orologique a tous les secteurs d\u2019activit\u00e9s \u00e9conomiques et sociales.<\/p>\n<p>Elle comprend:<\/p>\n<ul>\n<li>le Service de la Climatologie et de la banque des donn\u00e9es;<\/li>\n<li>le Service de l&#8217;Agro-M\u00e9t\u00e9orologie et de l&#8217;Environnement Atmosph\u00e9rique;\u00a0<\/li>\n<li>le Service de la Pr\u00e9vention des Catastrophes d&#8217;Origine M\u00e9t\u00e9orologique;<\/li>\n<li>le Service de l&#8217;Assistance \u00e0 la S\u00e9curit\u00e9 des Transports<\/li>\n<\/ul>\n<div class=\"wp-block-buttons is-layout-flex wp-block-buttons-is-layout-flex\"><\/div>\n<\/div>\n<\/div>\n<\/div>\n<p><!-- \/wp:post-content -->\u00a0<\/p>\n<p><!-- wp:paragraph \/-->\u00a0<\/p>\n\n\t\t<\/div>\n\t<\/div>\n<\/div><\/div><\/div><\/div><div class=\"vc_row wpb_row vc_row-fluid sigma-bg-color-transparent sigma-background-position-left-top sigma-title-color-default\"><div class=\"wpb_column vc_column_container vc_col-sm-12 sigma-bg-color-transparent sigma-background-position-left-top sigma-title-color-default\"><div class=\"vc_column-inner\"><div class=\"wpb_wrapper\">\n\t<div class=\"wpb_text_column wpb_content_element  vc_custom_1656915588498\" >\n\t\t<div class=\"wpb_wrapper\">\n\t\t\t<p><!-- wp:cover {\"url\":\"https:\/\/meteocameroon.gov.cm\/wp-content\/uploads\/2022\/03\/images-1.jpg\",\"id\":822,\"dimRatio\":50,\"extUtilities\":&#091;&#093;} --><\/p>\n<div class=\"wp-block-group alignfull ext-my-0 ext\">\n<div class=\"wp-block-media-text alignwide is-stacked-on-mobile ext-py-lg ext\">\n<div class=\"wp-block-media-text__content\"><!-- wp:heading {\"fontSize\":\"ext-large\",\"extUtilities\":&#091;\"ext-mt-base\",\"tablet:ext-mt-0\"&#093;} --><\/p>\n<h2>National Meteorological Center<\/h2>\n<p><!-- \/wp:heading --><img loading=\"lazy\" decoding=\"async\" class=\"size-medium wp-image-1291 aligncenter\" src=\"https:\/\/meteocameroon.gov.cm\/wp-content\/uploads\/2022\/04\/IMG-20200311-WA0003-225x300.jpg\" alt=\"\" width=\"225\" height=\"300\" \/><br \/><!-- wp:paragraph --><\/p>\n<p id=\"a-second-heading\">Placed under the authority of a Head of Centre, this center is responsible for the centralization and exploitation of meteorological data collected on the national territory, and their transmission in the specialized international circuit; the preparation and dissemination of meteorological forecasts; the international exchange of meteorological data<\/p>\n<p>Il comprend:<\/p>\n<ul>\n<li style=\"list-style-type: none;\">\n<ul>\n<li>le Service du Reseau;<\/li>\n<li>le Service de Centralisation et de Transmission des Donn\u00e9es M\u00e9t\u00e9orologiques;<\/li>\n<li>le Service des Pr\u00e9visions M\u00e9t\u00e9orologiques<\/li>\n<\/ul>\n<\/li>\n<\/ul>\n<\/div>\n<\/div>\n<\/div>\n\n\t\t<\/div>\n\t<\/div>\n<\/div><\/div><\/div><\/div><div class=\"vc_row wpb_row vc_row-fluid sigma-bg-color-transparent sigma-background-position-left-top sigma-title-color-default\"><div class=\"wpb_column vc_column_container vc_col-sm-12 sigma-bg-color-transparent sigma-background-position-left-top sigma-title-color-default\"><div class=\"vc_column-inner\"><div class=\"wpb_wrapper\">\n\t<div class=\"wpb_text_column wpb_content_element  vc_custom_1656915620785\" >\n\t\t<div class=\"wpb_wrapper\">\n\t\t\t<p><!-- wp:cover {\"url\":\"https:\/\/meteocameroon.gov.cm\/wp-content\/uploads\/2022\/03\/images-1.jpg\",\"id\":822,\"dimRatio\":50,\"extUtilities\":&#091;&#093;} --><\/p>\n<div class=\"wp-block-group alignfull ext-my-0 ext\">\n<div class=\"wp-block-media-text alignwide is-stacked-on-mobile ext-py-lg ext\">\n<div class=\"wp-block-media-text__content\"><!-- wp:heading {\"fontSize\":\"ext-large\",\"extUtilities\":&#091;\"ext-mt-base\",\"tablet:ext-mt-0\"&#093;} --><\/p>\n<h2><img loading=\"lazy\" decoding=\"async\" class=\"size-medium wp-image-2058 aligncenter\" src=\"https:\/\/meteocameroon.gov.cm\/wp-content\/uploads\/2022\/07\/Capture3-300x253.png\" alt=\"\" width=\"300\" height=\"253\" \/><\/h2>\n<h2>Service of International Technical Cooperation<\/h2>\n<p><!-- \/wp:heading --><br \/><!-- wp:paragraph --><\/p>\n<p id=\"a-second-heading\">Sous l&#8217;autorit\u00e9 d&#8217;un chef de service, le service de la coop\u00e9ration technique internationale est charg\u00e9:<\/p>\n<ul>\n<li>du suivi des questions relatives \u00e0 l&#8217;Organisation m\u00e9t\u00e9orologique mondiale (OMM) et \u00e0 ses organes subsidiaires ;<\/li>\n<li>du suivi de la participation camerounaise en mati\u00e8re de m\u00e9t\u00e9orologie ainsi que des conf\u00e9rences dont l&#8217;objet se rapporte \u00e0 la m\u00e9t\u00e9orologie et \u00e0 l&#8217;environnement atmosph\u00e9rique;<\/li>\n<li>de la centralisation des dossiers relatifs \u00e0 la formation et au perfectionnement des personnels de la M\u00e9t\u00e9orologie;<\/li>\n<li>du suivi des questions relatives \u00e0\u00a0 m\u00e9t\u00e9orologie aeronautique, en liason avec l&#8217;Autorit\u00e9 A\u00e9ronautique.<\/li>\n<\/ul>\n<div class=\"wp-block-buttons\"><!-- \/wp:paragraph --><\/div>\n<p><!-- \/wp:cover --><\/div>\n<\/div>\n<p><!-- \/wp:paragraph --><\/div>\n<p><!-- \/wp:cover --><\/p>\n<p>&nbsp;<\/p>\n<p><!-- wp:paragraph \/--><\/p>\n<p>&nbsp;<\/p>\n\n\t\t<\/div>\n\t<\/div>\n<\/div><\/div><\/div><\/div>","protected":false},"excerpt":{"rendered":"Les services de LA DIRECTION Sous-Direction des Applications M\u00e9t\u00e9orologiques Plac\u00e9 sous l\u2019autorit\u00e9 d\u2019un Sous-Directeur, la Sous-Direction des Applications M\u00e9t\u00e9orologiques est charg\u00e9e de l\u2019\u00e9laboration, du traitement et de l\u2019archivage des informations [...]","protected":false},"author":1,"featured_media":0,"parent":0,"menu_order":0,"comment_status":"closed","ping_status":"closed","template":"","meta":{"footnotes":""},"class_list":["post-1237","page","type-page","status-publish","hentry"],"yoast_head":"<!-- This site is optimized with the Yoast SEO plugin v26.8 - https:\/\/yoast.com\/product\/yoast-seo-wordpress\/ -->\n<title>Services de la DMN - M\u00e9t\u00e9orologie Nationale du Cameroun<\/title>\n<meta name=\"robots\" content=\"index, follow, max-snippet:-1, max-image-preview:large, max-video-preview:-1\" \/>\n<link rel=\"canonical\" href=\"https:\/\/meteocameroon.gov.cm\/en\/services-de-la-dirmet\/\" \/>\n<meta property=\"og:locale\" content=\"en_US\" \/>\n<meta property=\"og:type\" content=\"article\" \/>\n<meta property=\"og:title\" content=\"Services de la DMN - M\u00e9t\u00e9orologie Nationale du Cameroun\" \/>\n<meta property=\"og:url\" content=\"https:\/\/meteocameroon.gov.cm\/en\/services-de-la-dirmet\/\" \/>\n<meta property=\"og:site_name\" content=\"M\u00e9t\u00e9orologie Nationale du Cameroun\" \/>\n<meta property=\"article:modified_time\" content=\"2022-07-04T06:20:27+00:00\" \/>\n<meta property=\"og:image\" content=\"https:\/\/meteocameroon.gov.cm\/wp-content\/uploads\/2022\/07\/Capture1-300x265.png\" \/>\n<meta name=\"twitter:card\" content=\"summary_large_image\" \/>\n<meta name=\"twitter:label1\" content=\"Est. reading time\" \/>\n\t<meta name=\"twitter:data1\" content=\"3 minutes\" \/>\n<script type=\"application\/ld+json\" class=\"yoast-schema-graph\">{\"@context\":\"https:\/\/schema.org\",\"@graph\":[{\"@type\":\"WebPage\",\"@id\":\"https:\/\/meteocameroon.gov.cm\/services-de-la-dirmet\/\",\"url\":\"https:\/\/meteocameroon.gov.cm\/services-de-la-dirmet\/\",\"name\":\"Services de la DMN - M\u00e9t\u00e9orologie Nationale du Cameroun\",\"isPartOf\":{\"@id\":\"https:\/\/meteocameroon.gov.cm\/#website\"},\"primaryImageOfPage\":{\"@id\":\"https:\/\/meteocameroon.gov.cm\/services-de-la-dirmet\/#primaryimage\"},\"image\":{\"@id\":\"https:\/\/meteocameroon.gov.cm\/services-de-la-dirmet\/#primaryimage\"},\"thumbnailUrl\":\"https:\/\/meteocameroon.gov.cm\/wp-content\/uploads\/2022\/07\/Capture1-300x265.png\",\"datePublished\":\"2022-04-12T14:32:20+00:00\",\"dateModified\":\"2022-07-04T06:20:27+00:00\",\"breadcrumb\":{\"@id\":\"https:\/\/meteocameroon.gov.cm\/services-de-la-dirmet\/#breadcrumb\"},\"inLanguage\":\"en-US\",\"potentialAction\":[{\"@type\":\"ReadAction\",\"target\":[\"https:\/\/meteocameroon.gov.cm\/services-de-la-dirmet\/\"]}]},{\"@type\":\"ImageObject\",\"inLanguage\":\"en-US\",\"@id\":\"https:\/\/meteocameroon.gov.cm\/services-de-la-dirmet\/#primaryimage\",\"url\":\"https:\/\/meteocameroon.gov.cm\/wp-content\/uploads\/2022\/07\/Capture1-300x265.png\",\"contentUrl\":\"https:\/\/meteocameroon.gov.cm\/wp-content\/uploads\/2022\/07\/Capture1-300x265.png\"},{\"@type\":\"BreadcrumbList\",\"@id\":\"https:\/\/meteocameroon.gov.cm\/services-de-la-dirmet\/#breadcrumb\",\"itemListElement\":[{\"@type\":\"ListItem\",\"position\":1,\"name\":\"Accueil\",\"item\":\"https:\/\/meteocameroon.gov.cm\/\"},{\"@type\":\"ListItem\",\"position\":2,\"name\":\"Services de la DMN\"}]},{\"@type\":\"WebSite\",\"@id\":\"https:\/\/meteocameroon.gov.cm\/#website\",\"url\":\"https:\/\/meteocameroon.gov.cm\/\",\"name\":\"M\u00e9t\u00e9orologie Nationale du Cameroun\",\"description\":\"La m\u00e9t\u00e9o un outils pour le d\u00e9veloppement\",\"publisher\":{\"@id\":\"https:\/\/meteocameroon.gov.cm\/#organization\"},\"potentialAction\":[{\"@type\":\"SearchAction\",\"target\":{\"@type\":\"EntryPoint\",\"urlTemplate\":\"https:\/\/meteocameroon.gov.cm\/?s={search_term_string}\"},\"query-input\":{\"@type\":\"PropertyValueSpecification\",\"valueRequired\":true,\"valueName\":\"search_term_string\"}}],\"inLanguage\":\"en-US\"},{\"@type\":\"Organization\",\"@id\":\"https:\/\/meteocameroon.gov.cm\/#organization\",\"name\":\"M\u00e9t\u00e9orologie Nationale du Cameroun\",\"url\":\"https:\/\/meteocameroon.gov.cm\/\",\"logo\":{\"@type\":\"ImageObject\",\"inLanguage\":\"en-US\",\"@id\":\"https:\/\/meteocameroon.gov.cm\/#\/schema\/logo\/image\/\",\"url\":\"https:\/\/meteocameroon.gov.cm\/wp-content\/uploads\/2022\/06\/Artboard-14x-renew.jpg\",\"contentUrl\":\"https:\/\/meteocameroon.gov.cm\/wp-content\/uploads\/2022\/06\/Artboard-14x-renew.jpg\",\"width\":519,\"height\":504,\"caption\":\"M\u00e9t\u00e9orologie Nationale du Cameroun\"},\"image\":{\"@id\":\"https:\/\/meteocameroon.gov.cm\/#\/schema\/logo\/image\/\"}}]}<\/script>\n<!-- \/ Yoast SEO plugin. -->","yoast_head_json":{"title":"Services de la DMN - M\u00e9t\u00e9orologie Nationale du Cameroun","robots":{"index":"index","follow":"follow","max-snippet":"max-snippet:-1","max-image-preview":"max-image-preview:large","max-video-preview":"max-video-preview:-1"},"canonical":"https:\/\/meteocameroon.gov.cm\/en\/services-de-la-dirmet\/","og_locale":"en_US","og_type":"article","og_title":"Services de la DMN - M\u00e9t\u00e9orologie Nationale du Cameroun","og_url":"https:\/\/meteocameroon.gov.cm\/en\/services-de-la-dirmet\/","og_site_name":"M\u00e9t\u00e9orologie Nationale du Cameroun","article_modified_time":"2022-07-04T06:20:27+00:00","og_image":[{"url":"https:\/\/meteocameroon.gov.cm\/wp-content\/uploads\/2022\/07\/Capture1-300x265.png","type":"","width":"","height":""}],"twitter_card":"summary_large_image","twitter_misc":{"Est. reading time":"3 minutes"},"schema":{"@context":"https:\/\/schema.org","@graph":[{"@type":"WebPage","@id":"https:\/\/meteocameroon.gov.cm\/services-de-la-dirmet\/","url":"https:\/\/meteocameroon.gov.cm\/services-de-la-dirmet\/","name":"Services de la DMN - M\u00e9t\u00e9orologie Nationale du Cameroun","isPartOf":{"@id":"https:\/\/meteocameroon.gov.cm\/#website"},"primaryImageOfPage":{"@id":"https:\/\/meteocameroon.gov.cm\/services-de-la-dirmet\/#primaryimage"},"image":{"@id":"https:\/\/meteocameroon.gov.cm\/services-de-la-dirmet\/#primaryimage"},"thumbnailUrl":"https:\/\/meteocameroon.gov.cm\/wp-content\/uploads\/2022\/07\/Capture1-300x265.png","datePublished":"2022-04-12T14:32:20+00:00","dateModified":"2022-07-04T06:20:27+00:00","breadcrumb":{"@id":"https:\/\/meteocameroon.gov.cm\/services-de-la-dirmet\/#breadcrumb"},"inLanguage":"en-US","potentialAction":[{"@type":"ReadAction","target":["https:\/\/meteocameroon.gov.cm\/services-de-la-dirmet\/"]}]},{"@type":"ImageObject","inLanguage":"en-US","@id":"https:\/\/meteocameroon.gov.cm\/services-de-la-dirmet\/#primaryimage","url":"https:\/\/meteocameroon.gov.cm\/wp-content\/uploads\/2022\/07\/Capture1-300x265.png","contentUrl":"https:\/\/meteocameroon.gov.cm\/wp-content\/uploads\/2022\/07\/Capture1-300x265.png"},{"@type":"BreadcrumbList","@id":"https:\/\/meteocameroon.gov.cm\/services-de-la-dirmet\/#breadcrumb","itemListElement":[{"@type":"ListItem","position":1,"name":"Accueil","item":"https:\/\/meteocameroon.gov.cm\/"},{"@type":"ListItem","position":2,"name":"Services de la DMN"}]},{"@type":"WebSite","@id":"https:\/\/meteocameroon.gov.cm\/#website","url":"https:\/\/meteocameroon.gov.cm\/","name":"M\u00e9t\u00e9orologie Nationale du Cameroun","description":"La m\u00e9t\u00e9o un outils pour le d\u00e9veloppement","publisher":{"@id":"https:\/\/meteocameroon.gov.cm\/#organization"},"potentialAction":[{"@type":"SearchAction","target":{"@type":"EntryPoint","urlTemplate":"https:\/\/meteocameroon.gov.cm\/?s={search_term_string}"},"query-input":{"@type":"PropertyValueSpecification","valueRequired":true,"valueName":"search_term_string"}}],"inLanguage":"en-US"},{"@type":"Organization","@id":"https:\/\/meteocameroon.gov.cm\/#organization","name":"M\u00e9t\u00e9orologie Nationale du Cameroun","url":"https:\/\/meteocameroon.gov.cm\/","logo":{"@type":"ImageObject","inLanguage":"en-US","@id":"https:\/\/meteocameroon.gov.cm\/#\/schema\/logo\/image\/","url":"https:\/\/meteocameroon.gov.cm\/wp-content\/uploads\/2022\/06\/Artboard-14x-renew.jpg","contentUrl":"https:\/\/meteocameroon.gov.cm\/wp-content\/uploads\/2022\/06\/Artboard-14x-renew.jpg","width":519,"height":504,"caption":"M\u00e9t\u00e9orologie Nationale du Cameroun"},"image":{"@id":"https:\/\/meteocameroon.gov.cm\/#\/schema\/logo\/image\/"}}]}},"rttpg_featured_image_url":null,"rttpg_author":{"display_name":"superadmin","author_link":"https:\/\/meteocameroon.gov.cm\/en\/author\/superadmin\/"},"rttpg_comment":0,"rttpg_category":null,"rttpg_excerpt":null,"_links":{"self":[{"href":"https:\/\/meteocameroon.gov.cm\/en\/wp-json\/wp\/v2\/pages\/1237","targetHints":{"allow":["GET"]}}],"collection":[{"href":"https:\/\/meteocameroon.gov.cm\/en\/wp-json\/wp\/v2\/pages"}],"about":[{"href":"https:\/\/meteocameroon.gov.cm\/en\/wp-json\/wp\/v2\/types\/page"}],"author":[{"embeddable":true,"href":"https:\/\/meteocameroon.gov.cm\/en\/wp-json\/wp\/v2\/users\/1"}],"replies":[{"embeddable":true,"href":"https:\/\/meteocameroon.gov.cm\/en\/wp-json\/wp\/v2\/comments?post=1237"}],"version-history":[{"count":17,"href":"https:\/\/meteocameroon.gov.cm\/en\/wp-json\/wp\/v2\/pages\/1237\/revisions"}],"predecessor-version":[{"id":2062,"href":"https:\/\/meteocameroon.gov.cm\/en\/wp-json\/wp\/v2\/pages\/1237\/revisions\/2062"}],"wp:attachment":[{"href":"https:\/\/meteocameroon.gov.cm\/en\/wp-json\/wp\/v2\/media?parent=1237"}],"curies":[{"name":"wp","href":"https:\/\/api.w.org\/{rel}","templated":true}]}}